{"id":98878,"date":"2024-02-06T10:37:50","date_gmt":"2024-02-06T10:37:50","guid":{"rendered":"https:\/\/inalbania.al\/?page_id=98878"},"modified":"2025-09-15T11:57:23","modified_gmt":"2025-09-15T11:57:23","slug":"mustafai-pjese-kembimi-per-mercedes-benz-dhe-smart","status":"publish","type":"page","link":"https:\/\/inalbania.al\/al\/mustafai-pjese-kembimi-per-mercedes-benz-dhe-smart\/","title":{"rendered":"PJES\u00cb K\u00cbMBIMI MUSTAFAI \u2022 MARIKAJ"},"content":{"rendered":"\t\t<div data-elementor-type=\"wp-page\" data-elementor-id=\"98878\" class=\"elementor elementor-98878\" data-elementor-post-type=\"page\">\n\t\t\t\t\t\t<section class=\"elementor-section elementor-top-section elementor-element elementor-element-507f6f40 elementor-section-stretched elementor-section-boxed elementor-section-height-default elementor-section-height-default\" data-id=\"507f6f40\" data-element_type=\"section\" data-e-type=\"section\" data-settings=\"{&quot;stretch_section&quot;:&quot;section-stretched&quot;}\">\n\t\t\t\t\t\t<div class=\"elementor-container elementor-column-gap-default\">\n\t\t\t\t\t<div class=\"elementor-column elementor-col-66 elementor-top-column elementor-element elementor-element-24ea77\" data-id=\"24ea77\" data-element_type=\"column\" data-e-type=\"column\">\n\t\t\t<div class=\"elementor-widget-wrap elementor-element-populated\">\n\t\t\t\t\t\t<section class=\"elementor-section elementor-inner-section elementor-element elementor-element-29e2650e elementor-section-boxed elementor-section-height-default elementor-section-height-default\" data-id=\"29e2650e\" data-element_type=\"section\" data-e-type=\"section\" data-settings=\"{&quot;background_background&quot;:&quot;classic&quot;}\">\n\t\t\t\t\t\t<div class=\"elementor-container elementor-column-gap-default\">\n\t\t\t\t\t<div class=\"elementor-column elementor-col-50 elementor-inner-column elementor-element elementor-element-6bbc4032\" data-id=\"6bbc4032\" data-element_type=\"column\" data-e-type=\"column\">\n\t\t\t<div class=\"elementor-widget-wrap elementor-element-populated\">\n\t\t\t\t\t\t<div class=\"elementor-element elementor-element-6bca7749 elementor-widget elementor-widget-theme-post-featured-image elementor-widget-image\" data-id=\"6bca7749\" data-element_type=\"widget\" data-e-type=\"widget\" data-widget_type=\"theme-post-featured-image.default\">\n\t\t\t\t<div class=\"elementor-widget-container\">\n\t\t\t\t\t\t\t\t\t\t\t\t\t\t\t<img fetchpriority=\"high\" decoding=\"async\" width=\"600\" height=\"312\" src=\"https:\/\/inalbania.al\/wp-content\/uploads\/2024\/02\/PJESE-KEMBIMI-MUSTAFAI.jpg\" class=\"attachment-ireca_m size-ireca_m wp-image-98883\" alt=\"\" srcset=\"https:\/\/inalbania.al\/wp-content\/uploads\/2024\/02\/PJESE-KEMBIMI-MUSTAFAI.jpg 600w, https:\/\/inalbania.al\/wp-content\/uploads\/2024\/02\/PJESE-KEMBIMI-MUSTAFAI-300x156.jpg 300w, https:\/\/inalbania.al\/wp-content\/uploads\/2024\/02\/PJESE-KEMBIMI-MUSTAFAI-18x9.jpg 18w, https:\/\/inalbania.al\/wp-content\/uploads\/2024\/02\/PJESE-KEMBIMI-MUSTAFAI-350x182.jpg 350w\" sizes=\"(max-width: 600px) 100vw, 600px\" \/>\t\t\t\t\t\t\t\t\t\t\t\t\t\t\t<\/div>\n\t\t\t\t<\/div>\n\t\t\t\t\t<\/div>\n\t\t<\/div>\n\t\t\t\t<div class=\"elementor-column elementor-col-50 elementor-inner-column elementor-element elementor-element-35c42ba2\" data-id=\"35c42ba2\" data-element_type=\"column\" data-e-type=\"column\">\n\t\t\t<div class=\"elementor-widget-wrap elementor-element-populated\">\n\t\t\t\t\t\t<div class=\"elementor-element elementor-element-175396ee elementor-align-start elementor-mobile-align-center elementor-icon-list--layout-inline elementor-tablet-align-center elementor-list-item-link-full_width elementor-widget elementor-widget-icon-list\" data-id=\"175396ee\" data-element_type=\"widget\" data-e-type=\"widget\" data-widget_type=\"icon-list.default\">\n\t\t\t\t<div class=\"elementor-widget-container\">\n\t\t\t\t\t\t\t<ul class=\"elementor-icon-list-items elementor-inline-items\">\n\t\t\t\t\t\t\t<li class=\"elementor-icon-list-item elementor-inline-item\">\n\t\t\t\t\t\t\t\t\t\t\t<span class=\"elementor-icon-list-icon\">\n\t\t\t\t\t\t\t<i aria-hidden=\"true\" class=\"fas fa-map-marker-alt\"><\/i>\t\t\t\t\t\t<\/span>\n\t\t\t\t\t\t\t\t\t\t<span class=\"elementor-icon-list-text\">Marikaj<\/span>\n\t\t\t\t\t\t\t\t\t<\/li>\n\t\t\t\t\t\t<\/ul>\n\t\t\t\t\t\t<\/div>\n\t\t\t\t<\/div>\n\t\t\t\t<div class=\"elementor-element elementor-element-89785cc elementor-align-center elementor-widget__width-initial elementor-mobile-align-center elementor-widget elementor-widget-button\" data-id=\"89785cc\" data-element_type=\"widget\" data-e-type=\"widget\" data-widget_type=\"button.default\">\n\t\t\t\t<div class=\"elementor-widget-container\">\n\t\t\t\t\t\t\t\t\t<div class=\"elementor-button-wrapper\">\n\t\t\t\t\t<a class=\"elementor-button elementor-button-link elementor-size-sm\" href=\"#joinchat\" target=\"_blank\">\n\t\t\t\t\t\t<span class=\"elementor-button-content-wrapper\">\n\t\t\t\t\t\t<span class=\"elementor-button-icon\">\n\t\t\t\t<i aria-hidden=\"true\" class=\"fab fa-whatsapp\"><\/i>\t\t\t<\/span>\n\t\t\t\t\t\t\t\t\t<span class=\"elementor-button-text\">Kontakto n\u00eb WhatsApp<\/span>\n\t\t\t\t\t<\/span>\n\t\t\t\t\t<\/a>\n\t\t\t\t<\/div>\n\t\t\t\t\t\t\t\t<\/div>\n\t\t\t\t<\/div>\n\t\t\t\t\t<\/div>\n\t\t<\/div>\n\t\t\t\t\t<\/div>\n\t\t<\/section>\n\t\t\t\t<div class=\"elementor-element elementor-element-b25e6ee elementor-widget elementor-widget-heading\" data-id=\"b25e6ee\" data-element_type=\"widget\" data-e-type=\"widget\" data-widget_type=\"heading.default\">\n\t\t\t\t<div class=\"elementor-widget-container\">\n\t\t\t\t\t<h2 class=\"elementor-heading-title elementor-size-default\">PJES\u00cb K\u00cbMBIMI P\u00cbR MERCEDES BENZ &amp; SMART<\/h2>\t\t\t\t<\/div>\n\t\t\t\t<\/div>\n\t\t\t\t<section class=\"elementor-section elementor-inner-section elementor-element elementor-element-2034777e elementor-section-boxed elementor-section-height-default elementor-section-height-default\" data-id=\"2034777e\" data-element_type=\"section\" data-e-type=\"section\">\n\t\t\t\t\t\t<div class=\"elementor-container elementor-column-gap-default\">\n\t\t\t\t\t<div class=\"elementor-column elementor-col-100 elementor-inner-column elementor-element elementor-element-6554148c\" data-id=\"6554148c\" data-element_type=\"column\" data-e-type=\"column\">\n\t\t\t<div class=\"elementor-widget-wrap elementor-element-populated\">\n\t\t\t\t\t\t<div class=\"elementor-element elementor-element-3b87e1a2 elementor-widget elementor-widget-text-editor\" data-id=\"3b87e1a2\" data-element_type=\"widget\" data-e-type=\"widget\" data-widget_type=\"text-editor.default\">\n\t\t\t\t<div class=\"elementor-widget-container\">\n\t\t\t\t\t\t\t\t\t<p>P\u00ebrmir\u00ebsoni Mercedes-in tuaj me pjes\u00eb k\u00ebmbimi origjinale! Pjes\u00eb K\u00ebmbimi Mustafai \u00ebsht\u00eb nj\u00eb lider n\u00eb ofrimin e pjes\u00ebve k\u00ebmbimi p\u00ebr Mercedes Benz dhe Smart n\u00eb Shqip\u00ebri.<\/p><p>Pjes\u00eb K\u00ebmbimi Mustafai ka operuar me sukses n\u00eb tregun shqiptar t\u00eb pjes\u00ebve k\u00ebmbimi p\u00ebr automjetet Mercedes-Benz dhe Smart. Q\u00eb nga fillimi i aktivitetit ton\u00eb, kemi qen\u00eb t\u00eb orientuar n\u00eb importin e pjes\u00ebve k\u00ebmbimi origjinale p\u00ebr gjigantin global t\u00eb prodhimit t\u00eb automjeteve Mercedes-Benz dhe Smart. Suksesin e rritjes ton\u00eb e ka siguruar dhe mbetet lidhja e fort\u00eb me produktet e cil\u00ebsis\u00eb, trajtimi personal i \u00e7do klienti dhe respektimi i k\u00ebrkesave t\u00eb tyre.<\/p><p>Me angazhim p\u00ebr cil\u00ebsin\u00eb dhe k\u00ebnaq\u00ebsin\u00eb e klientit, ne synojm\u00eb t\u00eb ofrojm\u00eb produktet dhe sh\u00ebrbimet m\u00eb t\u00eb mira. Stafi yn\u00eb \u00ebsht\u00eb i njohur, miq\u00ebsor dhe efikas, duke ofruar sh\u00ebrbim t\u00eb shpejt\u00eb dhe t\u00eb sakt\u00eb.<\/p>\t\t\t\t\t\t\t\t<\/div>\n\t\t\t\t<\/div>\n\t\t\t\t<div class=\"elementor-element elementor-element-98dfcf6 elementor-widget elementor-widget-shortcode\" data-id=\"98dfcf6\" data-element_type=\"widget\" data-e-type=\"widget\" data-widget_type=\"shortcode.default\">\n\t\t\t\t<div class=\"elementor-widget-container\">\n\t\t\t\t\t\t\t<div class=\"elementor-shortcode\"><div class=\"ingallery-container\" data-id=\"109217\"><\/div><\/div>\n\t\t\t\t\t\t<\/div>\n\t\t\t\t<\/div>\n\t\t\t\t\t<\/div>\n\t\t<\/div>\n\t\t\t\t\t<\/div>\n\t\t<\/section>\n\t\t\t\t<section class=\"elementor-section elementor-inner-section elementor-element elementor-element-40a4a986 elementor-section-boxed elementor-section-height-default elementor-section-height-default\" data-id=\"40a4a986\" data-element_type=\"section\" data-e-type=\"section\">\n\t\t\t\t\t\t<div class=\"elementor-container elementor-column-gap-default\">\n\t\t\t\t\t<div class=\"elementor-column elementor-col-100 elementor-inner-column elementor-element elementor-element-48879fea\" data-id=\"48879fea\" data-element_type=\"column\" data-e-type=\"column\">\n\t\t\t<div class=\"elementor-widget-wrap elementor-element-populated\">\n\t\t\t\t\t\t<div class=\"elementor-element elementor-element-2ca764e9 elementor-widget elementor-widget-text-editor\" data-id=\"2ca764e9\" data-element_type=\"widget\" data-e-type=\"widget\" data-widget_type=\"text-editor.default\">\n\t\t\t\t<div class=\"elementor-widget-container\">\n\t\t\t\t\t\t\t\t\t<p><strong>Ofrojm\u00eb:<\/strong><\/p><ul><li>Pjes\u00eb k\u00ebmbimi p\u00ebr t\u00eb gjitha modelet Mercedes-Benz <br \/>Pjes\u00eb k\u00ebmbimi p\u00ebr t\u00eb gjitha<\/li><li>modelet Smart <\/li><li>Sh\u00ebrbim Karrotreci<\/li><\/ul><p>\u00a0<\/p><p>Ne ju sigurojm\u00eb q\u00eb zgjedhja juaj p\u00ebr kompanin\u00eb ton\u00eb \u00ebsht\u00eb vendimi m\u00eb i mir\u00eb q\u00eb keni marr\u00eb, sepse n\u00eb fush\u00ebn e pjes\u00ebve k\u00ebmbimi p\u00ebr automjetet Mercedes-Benz dhe Smart, ne ofrojm\u00eb sh\u00ebrbim me kompetenc\u00eb profesionale dhe pjes\u00eb k\u00ebmbimi origjinale, Gjermane.<\/p>\t\t\t\t\t\t\t\t<\/div>\n\t\t\t\t<\/div>\n\t\t\t\t<div class=\"elementor-element elementor-element-2eda0f6b elementor-widget-divider--view-line elementor-widget elementor-widget-divider\" data-id=\"2eda0f6b\" data-element_type=\"widget\" data-e-type=\"widget\" data-widget_type=\"divider.default\">\n\t\t\t\t<div class=\"elementor-widget-container\">\n\t\t\t\t\t\t\t<div class=\"elementor-divider\">\n\t\t\t<span class=\"elementor-divider-separator\">\n\t\t\t\t\t\t<\/span>\n\t\t<\/div>\n\t\t\t\t\t\t<\/div>\n\t\t\t\t<\/div>\n\t\t\t\t<div class=\"elementor-element elementor-element-229f965d elementor-widget elementor-widget-text-editor\" data-id=\"229f965d\" data-element_type=\"widget\" data-e-type=\"widget\" data-widget_type=\"text-editor.default\">\n\t\t\t\t<div class=\"elementor-widget-container\">\n\t\t\t\t\t\t\t\t\t<p><strong>Adresa:<\/strong> Rruga Dyt\u00ebsore Vor\u00eb-Marikaj, Km.3.<\/p>\t\t\t\t\t\t\t\t<\/div>\n\t\t\t\t<\/div>\n\t\t\t\t<div class=\"elementor-element elementor-element-2448e486 elementor-widget elementor-widget-text-editor\" data-id=\"2448e486\" data-element_type=\"widget\" data-e-type=\"widget\" data-widget_type=\"text-editor.default\">\n\t\t\t\t<div class=\"elementor-widget-container\">\n\t\t\t\t\t\t\t\t\t<p>P\u00ebr m\u00eb shum\u00eb informacion, na kontaktoni!<\/p>\t\t\t\t\t\t\t\t<\/div>\n\t\t\t\t<\/div>\n\t\t\t\t<div class=\"elementor-element elementor-element-207ba03c elementor-align-center elementor-mobile-align-center elementor-icon-list--layout-traditional elementor-list-item-link-full_width elementor-widget elementor-widget-icon-list\" data-id=\"207ba03c\" data-element_type=\"widget\" data-e-type=\"widget\" data-widget_type=\"icon-list.default\">\n\t\t\t\t<div class=\"elementor-widget-container\">\n\t\t\t\t\t\t\t<ul class=\"elementor-icon-list-items\">\n\t\t\t\t\t\t\t<li class=\"elementor-icon-list-item\">\n\t\t\t\t\t\t\t\t\t\t\t<a href=\"tel:00355682099929\" target=\"_blank\">\n\n\t\t\t\t\t\t\t\t\t\t\t\t<span class=\"elementor-icon-list-icon\">\n\t\t\t\t\t\t\t<i aria-hidden=\"true\" class=\"fas fa-phone-alt\"><\/i>\t\t\t\t\t\t<\/span>\n\t\t\t\t\t\t\t\t\t\t<span class=\"elementor-icon-list-text\">+355 6820 99 929<\/span>\n\t\t\t\t\t\t\t\t\t\t\t<\/a>\n\t\t\t\t\t\t\t\t\t<\/li>\n\t\t\t\t\t\t<\/ul>\n\t\t\t\t\t\t<\/div>\n\t\t\t\t<\/div>\n\t\t\t\t\t<\/div>\n\t\t<\/div>\n\t\t\t\t\t<\/div>\n\t\t<\/section>\n\t\t\t\t<div class=\"elementor-element elementor-element-3bf4c970 elementor-align-center elementor-widget__width-initial elementor-widget elementor-widget-button\" data-id=\"3bf4c970\" data-element_type=\"widget\" data-e-type=\"widget\" data-widget_type=\"button.default\">\n\t\t\t\t<div class=\"elementor-widget-container\">\n\t\t\t\t\t\t\t\t\t<div class=\"elementor-button-wrapper\">\n\t\t\t\t\t<a class=\"elementor-button elementor-button-link elementor-size-sm\" href=\"https:\/\/www.instagram.com\/pjese_kembimi_mercedez_benz\/\" target=\"_blank\">\n\t\t\t\t\t\t<span class=\"elementor-button-content-wrapper\">\n\t\t\t\t\t\t<span class=\"elementor-button-icon\">\n\t\t\t\t<i aria-hidden=\"true\" class=\"fab fa-instagram\"><\/i>\t\t\t<\/span>\n\t\t\t\t\t\t\t\t\t<span class=\"elementor-button-text\">Instagram<\/span>\n\t\t\t\t\t<\/span>\n\t\t\t\t\t<\/a>\n\t\t\t\t<\/div>\n\t\t\t\t\t\t\t\t<\/div>\n\t\t\t\t<\/div>\n\t\t\t\t<div class=\"elementor-element elementor-element-287a9476 elementor-align-center elementor-widget__width-initial elementor-widget elementor-widget-button\" data-id=\"287a9476\" data-element_type=\"widget\" data-e-type=\"widget\" data-widget_type=\"button.default\">\n\t\t\t\t<div class=\"elementor-widget-container\">\n\t\t\t\t\t\t\t\t\t<div class=\"elementor-button-wrapper\">\n\t\t\t\t\t<a class=\"elementor-button elementor-button-link elementor-size-sm\" href=\"https:\/\/facebook.com\/pjesekembimimustafaimaminas\" target=\"_blank\">\n\t\t\t\t\t\t<span class=\"elementor-button-content-wrapper\">\n\t\t\t\t\t\t<span class=\"elementor-button-icon\">\n\t\t\t\t<i aria-hidden=\"true\" class=\"fab fa-facebook-square\"><\/i>\t\t\t<\/span>\n\t\t\t\t\t\t\t\t\t<span class=\"elementor-button-text\">Facebook<\/span>\n\t\t\t\t\t<\/span>\n\t\t\t\t\t<\/a>\n\t\t\t\t<\/div>\n\t\t\t\t\t\t\t\t<\/div>\n\t\t\t\t<\/div>\n\t\t\t\t<div class=\"elementor-element elementor-element-714bf005 elementor-align-center elementor-widget__width-initial elementor-widget elementor-widget-button\" data-id=\"714bf005\" data-element_type=\"widget\" data-e-type=\"widget\" data-widget_type=\"button.default\">\n\t\t\t\t<div class=\"elementor-widget-container\">\n\t\t\t\t\t\t\t\t\t<div class=\"elementor-button-wrapper\">\n\t\t\t\t\t<a class=\"elementor-button elementor-button-link elementor-size-sm\" href=\"https:\/\/www.tiktok.com\/@pjeskembimimustafai\" target=\"_blank\">\n\t\t\t\t\t\t<span class=\"elementor-button-content-wrapper\">\n\t\t\t\t\t\t<span class=\"elementor-button-icon\">\n\t\t\t\t<i aria-hidden=\"true\" class=\"fab fa-tiktok\"><\/i>\t\t\t<\/span>\n\t\t\t\t\t\t\t\t\t<span class=\"elementor-button-text\">TikTok<\/span>\n\t\t\t\t\t<\/span>\n\t\t\t\t\t<\/a>\n\t\t\t\t<\/div>\n\t\t\t\t\t\t\t\t<\/div>\n\t\t\t\t<\/div>\n\t\t\t\t<div class=\"elementor-element elementor-element-fb56e68 elementor-align-center elementor-widget__width-initial elementor-widget elementor-widget-button\" data-id=\"fb56e68\" data-element_type=\"widget\" data-e-type=\"widget\" data-widget_type=\"button.default\">\n\t\t\t\t<div class=\"elementor-widget-container\">\n\t\t\t\t\t\t\t\t\t<div class=\"elementor-button-wrapper\">\n\t\t\t\t\t<a class=\"elementor-button elementor-button-link elementor-size-sm\" href=\"https:\/\/maps.app.goo.gl\/R8iy1vUVev1bzsE38\" target=\"_blank\">\n\t\t\t\t\t\t<span class=\"elementor-button-content-wrapper\">\n\t\t\t\t\t\t<span class=\"elementor-button-icon\">\n\t\t\t\t<i aria-hidden=\"true\" class=\"fas fa-map-marker-alt\"><\/i>\t\t\t<\/span>\n\t\t\t\t\t\t\t\t\t<span class=\"elementor-button-text\">Location<\/span>\n\t\t\t\t\t<\/span>\n\t\t\t\t\t<\/a>\n\t\t\t\t<\/div>\n\t\t\t\t\t\t\t\t<\/div>\n\t\t\t\t<\/div>\n\t\t\t\t<div class=\"elementor-element elementor-element-1c4ed6ba elementor-align-right elementor-widget elementor-widget-post-info\" data-id=\"1c4ed6ba\" data-element_type=\"widget\" data-e-type=\"widget\" data-widget_type=\"post-info.default\">\n\t\t\t\t<div class=\"elementor-widget-container\">\n\t\t\t\t\t\t\t<ul class=\"elementor-inline-items elementor-icon-list-items elementor-post-info\">\n\t\t\t\t\t\t\t\t<li class=\"elementor-icon-list-item elementor-repeater-item-b32d7d2 elementor-inline-item\" itemprop=\"about\">\n\t\t\t\t\t\t\t\t\t\t<span class=\"elementor-icon-list-icon\">\n\t\t\t\t\t\t\t\t<i aria-hidden=\"true\" class=\"fas fa-tags\"><\/i>\t\t\t\t\t\t\t<\/span>\n\t\t\t\t\t\t\t\t\t<span class=\"elementor-icon-list-text elementor-post-info__item elementor-post-info__item--type-terms\">\n\t\t\t\t\t\t\t<span class=\"elementor-post-info__item-prefix\">Category:<\/span>\n\t\t\t\t\t\t\t\t\t\t<span class=\"elementor-post-info__terms-list\">\n\t\t\t\t<a href=\"https:\/\/inalbania.al\/al\/category\/pjese-kembimi\/\" class=\"elementor-post-info__terms-list-item\">Pjes\u00eb K\u00ebmbimi<\/a>\t\t\t\t<\/span>\n\t\t\t\t\t<\/span>\n\t\t\t\t\t\t\t\t<\/li>\n\t\t\t\t<\/ul>\n\t\t\t\t\t\t<\/div>\n\t\t\t\t<\/div>\n\t\t\t\t<div class=\"elementor-element elementor-element-1afb6a35 elementor-widget-divider--view-line_text elementor-hidden-desktop elementor-hidden-tablet elementor-widget-divider--separator-type-pattern elementor-widget-divider--element-align-center elementor-widget elementor-widget-divider\" data-id=\"1afb6a35\" data-element_type=\"widget\" data-e-type=\"widget\" data-widget_type=\"divider.default\">\n\t\t\t\t<div class=\"elementor-widget-container\">\n\t\t\t\t\t\t\t<div class=\"elementor-divider\" style=\"--divider-pattern-url: url(&quot;data:image\/svg+xml,%3Csvg xmlns=&#039;http:\/\/www.w3.org\/2000\/svg&#039; preserveAspectRatio=&#039;none&#039; overflow=&#039;visible&#039; height=&#039;100%&#039; viewBox=&#039;0 0 20 16&#039; fill=&#039;none&#039; stroke=&#039;black&#039; stroke-width=&#039;2&#039; stroke-linecap=&#039;square&#039; stroke-miterlimit=&#039;10&#039;%3E%3Cg transform=&#039;translate(-12.000000, 0)&#039;%3E%3Cpath d=&#039;M28,0L10,18&#039;\/%3E%3Cpath d=&#039;M18,0L0,18&#039;\/%3E%3Cpath d=&#039;M48,0L30,18&#039;\/%3E%3Cpath d=&#039;M38,0L20,18&#039;\/%3E%3C\/g%3E%3C\/svg%3E&quot;);\">\n\t\t\t<span class=\"elementor-divider-separator\">\n\t\t\t\t\t\t\t<span class=\"elementor-divider__text elementor-divider__element\">\n\t\t\t\t\u21a7 OTHER BUSINESSES \u21a7\t\t\t\t<\/span>\n\t\t\t\t\t\t<\/span>\n\t\t<\/div>\n\t\t\t\t\t\t<\/div>\n\t\t\t\t<\/div>\n\t\t\t\t\t<\/div>\n\t\t<\/div>\n\t\t\t\t<div class=\"elementor-column elementor-col-33 elementor-top-column elementor-element elementor-element-3658783c\" data-id=\"3658783c\" data-element_type=\"column\" data-e-type=\"column\">\n\t\t\t<div class=\"elementor-widget-wrap elementor-element-populated\">\n\t\t\t\t\t\t<div class=\"elementor-element elementor-element-754c305f elementor-widget elementor-widget-sidebar\" data-id=\"754c305f\" data-element_type=\"widget\" data-e-type=\"widget\" data-widget_type=\"sidebar.default\">\n\t\t\t\t<div class=\"elementor-widget-container\">\n\t\t\t\t\t<div id=\"custom_html-30\" class=\"widget_text widget widget_custom_html\"><div class=\"textwidget custom-html-widget\"><div class=\"pt-cv-wrapper\"><div class=\"pt-cv-view pt-cv-grid pt-cv-colsys pt-cv-same-height pt-cv-post-border pt-cv-center\" id=\"pt-cv-view-6293cc2j8d\"><div data-id=\"pt-cv-page-1\" class=\"pt-cv-page\" data-cvc=\"1\" data-cvct=\"1\" data-cvcm=\"1\"><div class=\"col-md-12 col-sm-12 col-xs-12 pt-cv-content-item pt-cv-1-col\"  data-pid=\"ad-0\"><div class='pt-cv-ifield'><center>\n\n<div id=\"attachment_89109\" style=\"width: 610px\" class=\"wp-caption aligncenter\"><a href=\"https:\/\/inalbania.al\/i-fire-shpk-albania\/\" target=\"_blank\" rel=\"noopener\"><img decoding=\"async\" aria-describedby=\"caption-attachment-89109\" class=\"wp-image-89109\" src=\"https:\/\/inalbania.al\/wp-content\/uploads\/2023\/07\/FIKSE-ZJARRI-I-FIRE-SHPK.jpg\" alt=\"\" width=\"600\" height=\"312\" srcset=\"https:\/\/inalbania.al\/wp-content\/uploads\/2023\/07\/FIKSE-ZJARRI-I-FIRE-SHPK.jpg 740w, https:\/\/inalbania.al\/wp-content\/uploads\/2023\/07\/FIKSE-ZJARRI-I-FIRE-SHPK-300x156.jpg 300w, https:\/\/inalbania.al\/wp-content\/uploads\/2023\/07\/FIKSE-ZJARRI-I-FIRE-SHPK-18x9.jpg 18w, https:\/\/inalbania.al\/wp-content\/uploads\/2023\/07\/FIKSE-ZJARRI-I-FIRE-SHPK-350x182.jpg 350w, https:\/\/inalbania.al\/wp-content\/uploads\/2023\/07\/FIKSE-ZJARRI-I-FIRE-SHPK-600x312.jpg 600w\" sizes=\"(max-width: 600px) 100vw, 600px\" \/><\/a><p id=\"caption-attachment-89109\" class=\"wp-caption-text\"><strong><span style=\"color: #1e73be;\"><a style=\"color: #1e73be;\" href=\"https:\/\/inalbania.al\/i-fire-shpk-albania\/\" target=\"_blank\" rel=\"noopener\">FIKSE ZJARRI<\/a><\/span><\/strong><\/p><\/div>\n\n<\/center>\n\n<hr \/>\n\n<center>\n\n<div id=\"attachment_90474\" style=\"width: 610px\" class=\"wp-caption aligncenter\"><a href=\"https:\/\/inalbania.al\/kurse-online-zyre-per-programe-financiare-kontabel\/\" target=\"_blank\" rel=\"noopener\"><img decoding=\"async\" aria-describedby=\"caption-attachment-90474\" class=\"wp-image-90474\" src=\"https:\/\/inalbania.al\/wp-content\/uploads\/2024\/02\/TRAJNIMI-IM-KURSE-ONLINE.jpg\" alt=\"\" width=\"600\" height=\"312\" \/><\/a><p id=\"caption-attachment-90474\" class=\"wp-caption-text\"><strong><span style=\"color: #1e73be;\"><a style=\"color: #1e73be;\" href=\"https:\/\/inalbania.al\/kurse-online-zyre-per-programe-financiare-kontabel\/\" target=\"_blank\" rel=\"noopener\">KURSE PER FINANCE &amp; KONTABEL<\/a><\/span><\/strong><\/p><\/div>\n\n<\/center>\n\n<hr \/>\n\n\n<center>\n\n<div id=\"attachment_85193\" style=\"width: 750px\" class=\"wp-caption aligncenter\"><a href=\"https:\/\/inalbania.al\/tenda-porta-atuomatike-tirane-nesti-al-construction\/\" target=\"_blank\" rel=\"noopener\"><img loading=\"lazy\" decoding=\"async\" aria-describedby=\"caption-attachment-85193\" class=\"wp-image-85193 size-full\" src=\"https:\/\/inalbania.al\/wp-content\/uploads\/2023\/05\/NESTI-AL-CONSTRUCTION.jpg\" alt=\"\" width=\"600\" height=\"312\" srcset=\"https:\/\/inalbania.al\/wp-content\/uploads\/2023\/05\/NESTI-AL-CONSTRUCTION.jpg 740w, https:\/\/inalbania.al\/wp-content\/uploads\/2023\/05\/NESTI-AL-CONSTRUCTION-300x156.jpg 300w, https:\/\/inalbania.al\/wp-content\/uploads\/2023\/05\/NESTI-AL-CONSTRUCTION-18x9.jpg 18w, https:\/\/inalbania.al\/wp-content\/uploads\/2023\/05\/NESTI-AL-CONSTRUCTION-350x182.jpg 350w, https:\/\/inalbania.al\/wp-content\/uploads\/2023\/05\/NESTI-AL-CONSTRUCTION-600x312.jpg 600w\" sizes=\"(max-width: 600px) 100vw, 600px\" \/><\/a><p id=\"caption-attachment-85193\" class=\"wp-caption-text\"><strong><span style=\"color: #1e73be;\"><a style=\"color: #1e73be;\" href=\"https:\/\/inalbania.al\/tenda-porta-atuomatike-tirane-nesti-al-construction\/\" target=\"_blank\" rel=\"noopener\">TENDA DIELLI<\/a><\/span><\/strong><\/p><\/div>\n\n<\/center>\n<hr \/>\n\n<center>\n\n<div id=\"attachment_90474\" style=\"width: 610px\" class=\"wp-caption aligncenter\"><a href=\"https:\/\/inalbania.al\/auto-xhemali-2014\/\" target=\"_blank\" rel=\"noopener\"><img loading=\"lazy\" decoding=\"async\" aria-describedby=\"caption-attachment-90474\" class=\"wp-image-90474\" src=\"https:\/\/inalbania.al\/wp-content\/uploads\/2023\/05\/AUTO-XHEMALI-2014-BERAT-1-600x312.jpg\" alt=\"\" width=\"600\" height=\"312\" \/><\/a><p id=\"caption-attachment-90474\" class=\"wp-caption-text\"><strong><span style=\"color: #1e73be;\"><a style=\"color: #1e73be;\" href=\"https:\/\/inalbania.al\/auto-xhemali-2014\/\" target=\"_blank\" rel=\"noopener\">AUTO XHEMALI 2014<\/a><\/span><\/strong><\/p><\/div>\n\n<\/center><\/div><\/div>\n<div class=\"col-md-12 col-sm-12 col-xs-12 pt-cv-content-item pt-cv-1-col\"  data-pid=\"4044\"><div class='pt-cv-ifield'><a href=\"https:\/\/inalbania.al\/al\/auto-laimi-pjese-per-sprinter-vito-auto-transport\/\" class=\"_blank pt-cv-href-thumbnail pt-cv-thumb-default cvplbd\" target=\"_blank\" ><img loading=\"lazy\" decoding=\"async\" width=\"600\" height=\"312\" src=\"https:\/\/inalbania.al\/wp-content\/uploads\/2023\/05\/AUTO-LAIMI-DURRES-600x312.jpg\" class=\"pt-cv-thumbnail img-rounded skip-lazy \" alt=\"AUTO LAIMI \u2022 PJESE PER SPRINTER \/ VITO &amp; AUTO TRANSPORT\" data-no-lazy=\"1\" \/><\/a>\n<h4 class=\"pt-cv-title\"><a href=\"https:\/\/inalbania.al\/al\/auto-laimi-pjese-per-sprinter-vito-auto-transport\/\" class=\"_blank cvplbd\" target=\"_blank\" >AUTO LAIMI \u2022 PJESE PER SPRINTER \/ VITO &#038; AUTO TRANSPORT<\/a><\/h4><\/div><\/div>\n<div class=\"col-md-12 col-sm-12 col-xs-12 pt-cv-content-item pt-cv-1-col\"  data-pid=\"4056\"><div class='pt-cv-ifield'><a href=\"https:\/\/inalbania.al\/al\/punime-metali-durra-construction\/\" class=\"_blank pt-cv-href-thumbnail pt-cv-thumb-default cvplbd\" target=\"_blank\" ><img loading=\"lazy\" decoding=\"async\" width=\"600\" height=\"312\" src=\"https:\/\/inalbania.al\/wp-content\/uploads\/2023\/05\/PUNIME-HEKURI-XHAFA-DURRES-600x312.jpg\" class=\"pt-cv-thumbnail img-rounded skip-lazy \" alt=\"PUNIME HEKURI &amp; ALUMINI \u2022 XHAFA - DURRES\" data-no-lazy=\"1\" \/><\/a>\n<h4 class=\"pt-cv-title\"><a href=\"https:\/\/inalbania.al\/al\/punime-metali-durra-construction\/\" class=\"_blank cvplbd\" target=\"_blank\" >PUNIME HEKURI &#038; ALUMINI \u2022 XHAFA &#8211; DURRES<\/a><\/h4><\/div><\/div>\n<div class=\"col-md-12 col-sm-12 col-xs-12 pt-cv-content-item pt-cv-1-col\"  data-pid=\"101680\"><div class='pt-cv-ifield'><a href=\"https:\/\/inalbania.al\/al\/gomisteri-gega84-durres\/\" class=\"_blank pt-cv-href-thumbnail pt-cv-thumb-default cvplbd\" target=\"_blank\" ><img loading=\"lazy\" decoding=\"async\" width=\"600\" height=\"312\" src=\"https:\/\/inalbania.al\/wp-content\/uploads\/2024\/06\/Gomisteri-Gega84-Durres.jpg\" class=\"pt-cv-thumbnail img-rounded skip-lazy \" alt=\"GOMISTERI GEGA84 \u2022 DURR\u00cbS\" data-no-lazy=\"1\" \/><\/a>\n<h4 class=\"pt-cv-title\"><a href=\"https:\/\/inalbania.al\/al\/gomisteri-gega84-durres\/\" class=\"_blank cvplbd\" target=\"_blank\" >GOMISTERI GEGA84 \u2022 DURR\u00cbS<\/a><\/h4><\/div><\/div>\n<div class=\"col-md-12 col-sm-12 col-xs-12 pt-cv-content-item pt-cv-1-col\"  data-pid=\"4210\"><div class='pt-cv-ifield'><a href=\"https:\/\/inalbania.al\/al\/hekad-transport-itali-shqiperi\/\" class=\"_blank pt-cv-href-thumbnail pt-cv-thumb-default cvplbd\" target=\"_blank\" ><img loading=\"lazy\" decoding=\"async\" width=\"600\" height=\"397\" src=\"https:\/\/inalbania.al\/wp-content\/uploads\/2025\/02\/Hekad-Transport-Transport-Mallrash-Itali-Shqiperi.jpg\" class=\"pt-cv-thumbnail img-rounded skip-lazy \" alt=\"Transport Mallrash Itali Shqiperi\" data-no-lazy=\"1\" \/><\/a>\n<h4 class=\"pt-cv-title\"><a href=\"https:\/\/inalbania.al\/al\/hekad-transport-itali-shqiperi\/\" class=\"_blank cvplbd\" target=\"_blank\" >HEKAD TRANSPORT ITALI &#8211; SHQIP\u00cbRI (Transport Mallrash)<\/a><\/h4><\/div><\/div>\n<div class=\"col-md-12 col-sm-12 col-xs-12 pt-cv-content-item pt-cv-1-col\"  data-pid=\"86020\"><div class='pt-cv-ifield'><a href=\"https:\/\/inalbania.al\/al\/best-bike-albania\/\" class=\"_blank pt-cv-href-thumbnail pt-cv-thumb-default cvplbd\" target=\"_blank\" ><img loading=\"lazy\" decoding=\"async\" width=\"600\" height=\"467\" src=\"https:\/\/inalbania.al\/wp-content\/uploads\/2025\/08\/Bicikleta-Tek-Metja-600x467.jpg\" class=\"pt-cv-thumbnail img-rounded skip-lazy \" alt=\"BI\u00c7IKLETA TEK METJA\" data-no-lazy=\"1\" \/><\/a>\n<h4 class=\"pt-cv-title\"><a href=\"https:\/\/inalbania.al\/al\/best-bike-albania\/\" class=\"_blank cvplbd\" target=\"_blank\" >BI\u00c7IKLETA TEK METJA<\/a><\/h4><\/div><\/div>\n<div class=\"col-md-12 col-sm-12 col-xs-12 pt-cv-content-item pt-cv-1-col\"  data-pid=\"113969\"><div class='pt-cv-ifield'><a href=\"https:\/\/inalbania.al\/al\/dejvis-transport-mallrash-itali-shqiperi\/\" class=\"_blank pt-cv-href-thumbnail pt-cv-thumb-default cvplbd\" target=\"_blank\" ><img loading=\"lazy\" decoding=\"async\" width=\"600\" height=\"600\" src=\"https:\/\/inalbania.al\/wp-content\/uploads\/2026\/02\/Dejvis-Transport-Mallrash-Itali-Shqiperi-Itali-600x600.jpg\" class=\"pt-cv-thumbnail img-rounded skip-lazy \" alt=\"TRANSPORT MALLRASH SHQIPERI - ITALI - SHQIPERI \u2022 DEJVIS TRANSPORT\" data-no-lazy=\"1\" \/><\/a>\n<h4 class=\"pt-cv-title\"><a href=\"https:\/\/inalbania.al\/al\/dejvis-transport-mallrash-itali-shqiperi\/\" class=\"_blank cvplbd\" target=\"_blank\" >TRANSPORT MALLRASH SHQIPERI &#8211; ITALI &#8211; SHQIPERI \u2022 DEJVIS TRANSPORT<\/a><\/h4><\/div><\/div><\/div><\/div><\/div>\t\t\t<style type=\"text\/css\" id=\"pt-cv-inline-style-dd9b0de5et\">#pt-cv-view-6293cc2j8d .pt-cv-content-item { padding-top: 1px !important; padding-right: 1px !important; padding-bottom: 1px !important; padding-left: 1px !important; }\n#pt-cv-view-6293cc2j8d  { margin-top: 2px !important; margin-right: 3px !important; margin-bottom: 2px !important; margin-left: 3px !important; }\n#pt-cv-view-6293cc2j8d .pt-cv-ifield { padding-top: 5px !important; padding-right: 5px !important; padding-bottom: 5px !important; padding-left: 5px !important; }\n#pt-cv-view-6293cc2j8d.pt-cv-post-border { margin: 0; border-top-width: 1px; border-left-width: 1px }\n#pt-cv-view-6293cc2j8d.pt-cv-post-border { margin: 0; border-top-style: ridge; border-left-style: ridge }\n#pt-cv-view-6293cc2j8d.pt-cv-post-border { margin: 0; border-top-color: #bfbfbf; border-left-color: #bfbfbf }\n#pt-cv-view-6293cc2j8d.pt-cv-post-border .pt-cv-content-item   { border-right-width: 1px; border-bottom-width: 1px; border-right-style: ridge; border-bottom-style: ridge; border-right-color: #bfbfbf; border-bottom-color: #bfbfbf; }\n#pt-cv-view-6293cc2j8d .pt-cv-href-thumbnail  { margin-left: auto !important; margin-right: auto !important; display: block !important; text-align: center !important; clear: both !important; }\n#pt-cv-view-6293cc2j8d .pt-cv-title a, #pt-cv-view-6293cc2j8d  .panel-title { font-family: 'Open Sans', Arial, serif !important; font-size: 17px !important; line-height: 1.3 !important; color: #1e73be !important; font-weight: 600 !important; display: block !important; text-align: center !important; clear: both !important; }\n#pt-cv-view-6293cc2j8d .img-rounded, #pt-cv-view-6293cc2j8d .pt-cv-hover-wrapper { -webkit-border-radius: 8px !important; -moz-border-radius: 8px !important; border-radius: 8px !important; }\n#pt-cv-view-6293cc2j8d .pt-cv-cap-w-img { border-bottom-left-radius: 8px !important; border-bottom-right-radius: 8px !important; }\n#pt-cv-view-6293cc2j8d { text-align: center; }<\/style>\r\n\t\t\t<link href='\/\/fonts.googleapis.com\/css?family=Open+Sans' rel='stylesheet' type='text\/css'><\/div><\/div>\t\t\t\t<\/div>\n\t\t\t\t<\/div>\n\t\t\t\t\t<\/div>\n\t\t<\/div>\n\t\t\t\t\t<\/div>\n\t\t<\/section>\n\t\t\t\t<\/div>\n\t\t","protected":false},"excerpt":{"rendered":"<p>Marikaj Kontakto n\u00eb WhatsApp PJES\u00cb K\u00cbMBIMI P\u00cbR MERCEDES BENZ &amp; SMART P\u00ebrmir\u00ebsoni Mercedes-in tuaj me pjes\u00eb k\u00ebmbimi origjinale! Pjes\u00eb K\u00ebmbimi Mustafai \u00ebsht\u00eb nj\u00eb lider n\u00eb ofrimin e pjes\u00ebve k\u00ebmbimi p\u00ebr Mercedes Benz dhe Smart n\u00eb Shqip\u00ebri. Pjes\u00eb K\u00ebmbimi Mustafai ka operuar me sukses n\u00eb tregun shqiptar t\u00eb pjes\u00ebve k\u00ebmbimi p\u00ebr automjetet Mercedes-Benz dhe Smart. Q\u00eb [&hellip;]<\/p>\n","protected":false},"author":1,"featured_media":98883,"parent":0,"menu_order":0,"comment_status":"closed","ping_status":"closed","template":"","meta":{"_joinchat":{"telephone":"+355682099929"},"footnotes":""},"categories":[100],"tags":[27031,25665,27037,27038,47191,28581,27064,2352,47192,27067,47193,47194,47195,27072,212,27074,12661,20742,20743,20744,27078,27095,40412,27101,80992,80993,80994,80995,80996,80997,80998,80999,81000,81001,81002,81003,81004,81005,81006,81007,80970,80921,80922,80923,80924,80925,80926,80927,80928,80929,80930,80983,27103,80971,80931,80932,80933,80934,80935,80936,14488,47196,27108,27109,27110,27111,27112,27113,27114,27115,27116,27117,27118,27119,27120,27121,27122,27123,27124,27125,27126,27127,27128,27129,27130,27131,27132,27133,27134,27135,27136,27137,27138,27139,27140,27141,27142,27143,27144,27145,27146,27147,27148,27149,27150,27151,27152,27153,27154,27155,27156,27157,27158,27159,27160,27161,27162,27163,27164,27165,27166,27167,27168,27171,27172,27173,27174,27175,27176,27177,27178,27181,27182,27183,27184,27185,27186,27187,18768,27188,27189,27190,19030,27191,27192,27193,27194,27195,27196,27197,27198,27199,27200,27201,27202,27203,27204,27205,27206,27207,27208,27209,27210,27211,27212,27213,27214,27215,76007,80937,80938,80939,80940,80941,80942,80943,80944,80945,80946,80947,80948,80950,80949,80951,80952,80973,80974,76008,80953,80954,80955,80956,80957,80958,80959,80960,80961,80962,80963,80964,80965,80966,80967,80968,80969,80988,80989,80987,80990,80991,80980,80975,80976,80977,80978,80979,20805,81008,80972,80981,80982,80985,80984,80986,27218,27219,27220,27221,27222,27223,27224,27225,27226,27227,27228,27229,27230,27231,27232,27233,27234,27235,27236,27237,27238,27239,27240,27241,27242,27243,27244,27245,27246,27247,27248,27249,27250,27251,27252,27253,27254,27255,27256,27257,27258,27259,27260,27261,27262,27263,27264,27265,27266,27267,27268,27269,27270,27271,27272,27273,27274,27275,27276,27277,27278,27279,27280,27281,27282,27283,27284,27285,27286,27288,15727,28583,28584,28585,28586,28587,28588,47197,47198,28589,28590,15728,28591,28592,15729,15730,15731,28593,15732,15733,28594,28595,28596,28597,15734,28598,15735,15736,15737,28599,15739,15740,15741,15742,28600,28601,28602,28603,28604,20832,47199,47200,47201,28605,29729,27289,27290,47202,28606,47203,47204,47205,47206,47207,27299,47208,27303,47209,44510],"class_list":["post-98878","page","type-page","status-publish","has-post-thumbnail","hentry","category-pjese-kembimi","tag-freksion-mercedes-benzi-i-perdorur","tag-karrotrec-ne-marikaj","tag-kit-freksioni-per-benz","tag-kit-volanti-per-mercedes-benz-i-perdorur","tag-pjese-kembimi-makina-smart","tag-pjese-kembimi-makinash-smart","tag-pjese-kembimi-makine-mercedes-benz","tag-pjese-kembimi-marikaj","tag-pjese-kembimi-mercedes-benz-marikaj","tag-pjese-kembimi-mercedes-benz-mustafaj","tag-pjese-kembimi-mercedesi-marikaj","tag-pjese-kembimi-mustafai","tag-pjese-kembimi-mustafai-marikaj","tag-pjese-kembimi-mustafaj","tag-pjese-kembimi-ne-marikaj","tag-pjese-kembimi-per-1993-eco-sprinter-and-eco-speedster-concepts","tag-pjese-kembimi-per-benz","tag-pjese-kembimi-per-benz-durres","tag-pjese-kembimi-per-benz-maminas","tag-pjese-kembimi-per-benz-marikaj","tag-pjese-kembimi-per-benz-mustafaj","tag-pjese-kembimi-per-brabus-tailor-made","tag-pjese-kembimi-per-makina-smart","tag-pjese-kembimi-per-mercede-benz-2-litres","tag-pjese-kembimi-per-mercedes-190","tag-pjese-kembimi-per-mercedes-200","tag-pjese-kembimi-per-mercedes-230","tag-pjese-kembimi-per-mercedes-240","tag-pjese-kembimi-per-mercedes-250","tag-pjese-kembimi-per-mercedes-280","tag-pjese-kembimi-per-mercedes-300","tag-pjese-kembimi-per-mercedes-320","tag-pjese-kembimi-per-mercedes-350","tag-pjese-kembimi-per-mercedes-380","tag-pjese-kembimi-per-mercedes-400","tag-pjese-kembimi-per-mercedes-420","tag-pjese-kembimi-per-mercedes-450","tag-pjese-kembimi-per-mercedes-500","tag-pjese-kembimi-per-mercedes-560","tag-pjese-kembimi-per-mercedes-600","tag-pjese-kembimi-per-mercedes-a-class","tag-pjese-kembimi-per-mercedes-a140","tag-pjese-kembimi-per-mercedes-a150","tag-pjese-kembimi-per-mercedes-a160","tag-pjese-kembimi-per-mercedes-a170","tag-pjese-kembimi-per-mercedes-a180","tag-pjese-kembimi-per-mercedes-a190","tag-pjese-kembimi-per-mercedes-a200","tag-pjese-kembimi-per-mercedes-a210","tag-pjese-kembimi-per-mercedes-a220","tag-pjese-kembimi-per-mercedes-a250","tag-pjese-kembimi-per-mercedes-amg","tag-pjese-kembimi-per-mercedes-amg-gt-s","tag-pjese-kembimi-per-mercedes-b-class","tag-pjese-kembimi-per-mercedes-b160","tag-pjese-kembimi-per-mercedes-b170","tag-pjese-kembimi-per-mercedes-b180","tag-pjese-kembimi-per-mercedes-b200","tag-pjese-kembimi-per-mercedes-b220","tag-pjese-kembimi-per-mercedes-b250","tag-pjese-kembimi-per-mercedes-benz","tag-pjese-kembimi-per-mercedes-benz-pjese-kembimi-per-smart","tag-pjese-kembimi-per-mercedes-benz-130","tag-pjese-kembimi-per-mercedes-benz-150","tag-pjese-kembimi-per-mercedes-benz-170-h","tag-pjese-kembimi-per-mercedes-benz-170-v","tag-pjese-kembimi-per-mercedes-benz-190sl","tag-pjese-kembimi-per-mercedes-benz-200","tag-pjese-kembimi-per-mercedes-benz-200-lang","tag-pjese-kembimi-per-mercedes-benz-260-d","tag-pjese-kembimi-per-mercedes-benz-300d","tag-pjese-kembimi-per-mercedes-benz-300sl","tag-pjese-kembimi-per-mercedes-benz-320","tag-pjese-kembimi-per-mercedes-benz-35-hp","tag-pjese-kembimi-per-mercedes-benz-380k","tag-pjese-kembimi-per-mercedes-benz-400","tag-pjese-kembimi-per-mercedes-benz-450sel-6-9","tag-pjese-kembimi-per-mercedes-benz-500k","tag-pjese-kembimi-per-mercedes-benz-540k","tag-pjese-kembimi-per-mercedes-benz-600","tag-pjese-kembimi-per-mercedes-benz-770","tag-pjese-kembimi-per-mercedes-benz-a-class","tag-pjese-kembimi-per-mercedes-benz-a-class-hatch","tag-pjese-kembimi-per-mercedes-benz-amg","tag-pjese-kembimi-per-mercedes-benz-amg-gt","tag-pjese-kembimi-per-mercedes-benz-b-class","tag-pjese-kembimi-per-mercedes-benz-c-class","tag-pjese-kembimi-per-mercedes-benz-c-class-w205","tag-pjese-kembimi-per-mercedes-benz-c-class-350-sport","tag-pjese-kembimi-per-mercedes-benz-c-class-cabriolet","tag-pjese-kembimi-per-mercedes-benz-c-class-coupe","tag-pjese-kembimi-per-mercedes-benz-c300-luxury","tag-pjese-kembimi-per-mercedes-benz-c300-luxury-4matic","tag-pjese-kembimi-per-mercedes-benz-c300-sport","tag-pjese-kembimi-per-mercedes-benz-c300-sport-4matic","tag-pjese-kembimi-per-mercedes-benz-c63-amg-sedan","tag-pjese-kembimi-per-mercedes-benz-cl-class","tag-pjese-kembimi-per-mercedes-benz-cla-class","tag-pjese-kembimi-per-mercedes-benz-cla-class-coupe","tag-pjese-kembimi-per-mercedes-benz-clc-class","tag-pjese-kembimi-per-mercedes-benz-clk-class","tag-pjese-kembimi-per-mercedes-benz-clk-gtr","tag-pjese-kembimi-per-mercedes-benz-cls-class","tag-pjese-kembimi-per-mercedes-benz-e-class","tag-pjese-kembimi-per-mercedes-benz-e-class-cabriolet","tag-pjese-kembimi-per-mercedes-benz-e-class-coupe","tag-pjese-kembimi-per-mercedes-benz-e-class-sedan","tag-pjese-kembimi-per-mercedes-benz-e-class-wagon","tag-pjese-kembimi-per-mercedes-benz-eqs-sedan","tag-pjese-kembimi-per-mercedes-benz-f-cell","tag-pjese-kembimi-per-mercedes-benz-f-cell-roadster","tag-pjese-kembimi-per-mercedes-benz-g-class","tag-pjese-kembimi-per-mercedes-benz-g-class-suv","tag-pjese-kembimi-per-mercedes-benz-gl-class","tag-pjese-kembimi-per-mercedes-benz-gl-class-suv","tag-pjese-kembimi-per-mercedes-benz-gla-class","tag-pjese-kembimi-per-mercedes-benz-gla-class-suv","tag-pjese-kembimi-per-mercedes-benz-glc-class","tag-pjese-kembimi-per-mercedes-benz-gle","tag-pjese-kembimi-per-mercedes-benz-glk-class-suv","tag-pjese-kembimi-per-mercedes-benz-k","tag-pjese-kembimi-per-mercedes-benz-m-class-suv","tag-pjese-kembimi-per-mercedes-benz-mannheim-370","tag-pjese-kembimi-per-mercedes-benz-r-class","tag-pjese-kembimi-per-mercedes-benz-r107-and-c107","tag-pjese-kembimi-per-mercedes-benz-r129","tag-pjese-kembimi-per-mercedes-benz-s-class","tag-pjese-kembimi-per-mercedes-benz-s-class-coupe","tag-pjese-kembimi-per-mercedes-benz-s-class-sedan","tag-pjese-kembimi-per-mercedes-benz-s-class-cabriolet","tag-pjese-kembimi-per-mercedes-benz-s-class-hybrid","tag-pjese-kembimi-per-mercedes-benz-sl-class","tag-pjese-kembimi-per-mercedes-benz-sl-class-roadster","tag-pjese-kembimi-per-mercedes-benz-slk-class","tag-pjese-kembimi-per-mercedes-benz-slk-class-roadster","tag-pjese-kembimi-per-mercedes-benz-slr-mclaren","tag-pjese-kembimi-per-mercedes-benz-sls-amg","tag-pjese-kembimi-per-mercedes-benz-sls-class","tag-pjese-kembimi-per-mercedes-benz-sprinter","tag-pjese-kembimi-per-mercedes-benz-ss","tag-pjese-kembimi-per-mercedes-benz-stuttgart-200","tag-pjese-kembimi-per-mercedes-benz-stuttgart-260","tag-pjese-kembimi-per-mercedes-benz-tirane","tag-pjese-kembimi-per-mercedes-benz-tropfenwagen","tag-pjese-kembimi-per-mercedes-benz-v-class","tag-pjese-kembimi-per-mercedes-benz-vaneo","tag-pjese-kembimi-per-mercedes-benz-velo","tag-pjese-kembimi-per-mercedes-benz-viano","tag-pjese-kembimi-per-mercedes-benz-vito","tag-pjese-kembimi-per-mercedes-benz-w10","tag-pjese-kembimi-per-mercedes-benz-w108","tag-pjese-kembimi-per-mercedes-benz-w111","tag-pjese-kembimi-per-mercedes-benz-w112","tag-pjese-kembimi-per-mercedes-benz-w114","tag-pjese-kembimi-per-mercedes-benz-w120","tag-pjese-kembimi-per-mercedes-benz-w123","tag-pjese-kembimi-per-mercedes-benz-w124","tag-pjese-kembimi-per-mercedes-benz-w125","tag-pjese-kembimi-per-mercedes-benz-w126","tag-pjese-kembimi-per-mercedes-benz-w143","tag-pjese-kembimi-per-mercedes-benz-w163","tag-pjese-kembimi-per-mercedes-benz-w163-grand-prix","tag-pjese-kembimi-per-mercedes-benz-w164","tag-pjese-kembimi-per-mercedes-benz-w201","tag-pjese-kembimi-per-mercedes-benz-w212","tag-pjese-kembimi-per-mercedes-benz-w219","tag-pjese-kembimi-per-mercedes-benz-w221","tag-pjese-kembimi-per-mercedes-benz-w31","tag-pjese-kembimi-per-mercedes-c-class","tag-pjese-kembimi-per-mercedes-c180","tag-pjese-kembimi-per-mercedes-c200","tag-pjese-kembimi-per-mercedes-c220","tag-pjese-kembimi-per-mercedes-c230","tag-pjese-kembimi-per-mercedes-c240","tag-pjese-kembimi-per-mercedes-c250","tag-pjese-kembimi-per-mercedes-c270","tag-pjese-kembimi-per-mercedes-c280","tag-pjese-kembimi-per-mercedes-c300","tag-pjese-kembimi-per-mercedes-c320","tag-pjese-kembimi-per-mercedes-c350","tag-pjese-kembimi-per-mercedes-c400","tag-pjese-kembimi-per-mercedes-c43-amg","tag-pjese-kembimi-per-mercedes-c450","tag-pjese-kembimi-per-mercedes-c55-amg","tag-pjese-kembimi-per-mercedes-c63-amg","tag-pjese-kembimi-per-mercedes-cla","tag-pjese-kembimi-per-mercedes-cls","tag-pjese-kembimi-per-mercedes-e-class","tag-pjese-kembimi-per-mercedes-e200","tag-pjese-kembimi-per-mercedes-e220","tag-pjese-kembimi-per-mercedes-e230","tag-pjese-kembimi-per-mercedes-e240","tag-pjese-kembimi-per-mercedes-e250","tag-pjese-kembimi-per-mercedes-e270","tag-pjese-kembimi-per-mercedes-e280","tag-pjese-kembimi-per-mercedes-e290","tag-pjese-kembimi-per-mercedes-e300","tag-pjese-kembimi-per-mercedes-e320","tag-pjese-kembimi-per-mercedes-e350","tag-pjese-kembimi-per-mercedes-e400","tag-pjese-kembimi-per-mercedes-e420","tag-pjese-kembimi-per-mercedes-e430","tag-pjese-kembimi-per-mercedes-e500","tag-pjese-kembimi-per-mercedes-e55-amg","tag-pjese-kembimi-per-mercedes-e63-amg","tag-pjese-kembimi-per-mercedes-eqa","tag-pjese-kembimi-per-mercedes-eqb","tag-pjese-kembimi-per-mercedes-eqc","tag-pjese-kembimi-per-mercedes-eqe","tag-pjese-kembimi-per-mercedes-eqs","tag-pjese-kembimi-per-mercedes-g-class","tag-pjese-kembimi-per-mercedes-gla","tag-pjese-kembimi-per-mercedes-glb","tag-pjese-kembimi-per-mercedes-glc","tag-pjese-kembimi-per-mercedes-gle","tag-pjese-kembimi-per-mercedes-gls","tag-pjese-kembimi-per-mercedes-marikaj","tag-pjese-kembimi-per-mercedes-maybach","tag-pjese-kembimi-per-mercedes-s-class","tag-pjese-kembimi-per-mercedes-sl","tag-pjese-kembimi-per-mercedes-slc","tag-pjese-kembimi-per-mercedes-sprinter","tag-pjese-kembimi-per-mercedes-v-class","tag-pjese-kembimi-per-mercedes-vito","tag-pjese-kembimi-per-mercedes-amg-gt","tag-pjese-kembimi-per-mercedes-amg-gt-4-door-coupe","tag-pjese-kembimi-per-mercedes-benz-a-class-sedan","tag-pjese-kembimi-per-mercedes-benz-c-class-w202","tag-pjese-kembimi-per-mercedes-benz-c-class-w203","tag-pjese-kembimi-per-mercedes-benz-c-class-w204","tag-pjese-kembimi-per-mercedes-benz-c-class-w206","tag-pjese-kembimi-per-mercedes-benz-c-class-sedan","tag-pjese-kembimi-per-mercedes-benz-c107","tag-pjese-kembimi-per-mercedes-benz-cl-class-c215","tag-pjese-kembimi-per-mercedes-benz-cl-class-c216","tag-pjese-kembimi-per-mercedes-benz-cla-coupe","tag-pjese-kembimi-per-mercedes-benz-clk-class-c208","tag-pjese-kembimi-per-mercedes-benz-clk-class-c209","tag-pjese-kembimi-per-mercedes-benz-cls-coupe","tag-pjese-kembimi-per-mercedes-benz-e-class-a207","tag-pjese-kembimi-per-mercedes-benz-e-class-c207","tag-pjese-kembimi-per-mercedes-benz-e-class-w210","tag-pjese-kembimi-per-mercedes-benz-e-class-w211","tag-pjese-kembimi-per-mercedes-benz-e-class-w212","tag-pjese-kembimi-per-mercedes-benz-e-class-w213","tag-pjese-kembimi-per-mercedes-benz-gla-suv","tag-pjese-kembimi-per-mercedes-benz-glb-suv","tag-pjese-kembimi-per-mercedes-benz-glc-coupe","tag-pjese-kembimi-per-mercedes-benz-glc-suv","tag-pjese-kembimi-per-mercedes-benz-glc-suv-hybrid","tag-pjese-kembimi-per-mercedes-benz-gle-coupe","tag-pjese-kembimi-per-mercedes-benz-gle-suv","tag-pjese-kembimi-per-mercedes-benz-gls-suv","tag-pjese-kembimi-per-mercedes-benz-s-class-c217","tag-pjese-kembimi-per-mercedes-benz-s-class-w220","tag-pjese-kembimi-per-mercedes-benz-s-class-w221","tag-pjese-kembimi-per-mercedes-benz-s-class-w222","tag-pjese-kembimi-per-mercedes-benz-s-class-w223","tag-pjese-kembimi-per-mercedes-benz-sl-roadster","tag-pjese-kembimi-per-mercedes-benz-sl-class-r129","tag-pjese-kembimi-per-mercedes-benz-sl-class-r230","tag-pjese-kembimi-per-mercedes-benz-sl-class-r231","tag-pjese-kembimi-per-mercedes-benz-slk-class-r170","tag-pjese-kembimi-per-mercedes-benz-slk-class-r171","tag-pjese-kembimi-per-mercedes-benz-slk-class-r172","tag-pjese-kembimi-per-mercedes-benz-vision-sla-2000","tag-pjese-kembimi-per-mercedes-benz-w08","tag-pjese-kembimi-per-mercedes-benz-w105","tag-pjese-kembimi-per-mercedes-benz-w108-w109","tag-pjese-kembimi-per-mercedes-benz-w110","tag-pjese-kembimi-per-mercedes-benz-w113","tag-pjese-kembimi-per-mercedes-benz-w114-w115","tag-pjese-kembimi-per-mercedes-benz-w115","tag-pjese-kembimi-per-mercedes-benz-w116","tag-pjese-kembimi-per-mercedes-benz-w120-w121","tag-pjese-kembimi-per-mercedes-benz-w128","tag-pjese-kembimi-per-mercedes-benz-w136","tag-pjese-kembimi-per-mercedes-benz-w140","tag-pjese-kembimi-per-mercedes-benz-w142","tag-pjese-kembimi-per-mercedes-benz-w153","tag-pjese-kembimi-per-mercedes-benz-w18","tag-pjese-kembimi-per-mercedes-benz-w180","tag-pjese-kembimi-per-mercedes-benz-w186","tag-pjese-kembimi-per-mercedes-benz-w187","tag-pjese-kembimi-per-mercedes-benz-w188","tag-pjese-kembimi-per-mercedes-benz-w189","tag-pjese-kembimi-per-mercedes-benz-w191","tag-pjese-kembimi-per-mercedes-benz-w21","tag-pjese-kembimi-per-mercedes-benz-w251","tag-pjese-kembimi-per-mercedes-benz-w415","tag-pjese-kembimi-per-mercedes-benz-w906","tag-pjese-kembimi-per-mercedes-maybach-gls-suv","tag-pjese-kembimi-per-mercedes-maybach-s-class-sedan","tag-pjese-kembimi-per-meredes-benz-28-95","tag-pjese-kembimi-per-smart","tag-pjese-kembimi-per-smart-brabus-forfour","tag-pjese-kembimi-per-smart-brabus-fortwo","tag-pjese-kembimi-per-smart-brabus-fortwo-cabrio","tag-pjese-kembimi-per-smart-cabrio-tailor-made","tag-pjese-kembimi-per-smart-city-coupe-and-city-cabrio","tag-pjese-kembimi-per-smart-crossblade","tag-pjese-kembimi-per-smart-dhe-mercedes-benz","tag-pjese-kembimi-per-smart-durrs","tag-pjese-kembimi-per-smart-edition-1","tag-pjese-kembimi-per-smart-eq-forfour","tag-pjese-kembimi-per-smart-eq-forfour-comfort-plus","tag-pjese-kembimi-per-smart-eq-fortwo","tag-pjese-kembimi-per-smart-eq-fortwo-cabrio","tag-pjese-kembimi-per-smart-eq-fortwo-comfort-plus","tag-pjese-kembimi-per-smart-eq-fortwo-comfort-plus-convertible-2022","tag-pjese-kembimi-per-smart-eq-fortwo-comfort-plus-hatchback-2022","tag-pjese-kembimi-per-smart-forfour","tag-pjese-kembimi-per-smart-forfour-passion-hatchback-2019","tag-pjese-kembimi-per-smart-forfour-prime-micro-car-2015","tag-pjese-kembimi-per-smart-formore","tag-pjese-kembimi-per-smart-fortwo","tag-pjese-kembimi-per-smart-fortwo-cabrio","tag-pjese-kembimi-per-smart-fortwo-cabriolet","tag-pjese-kembimi-per-smart-fortwo-cabriolet-2009","tag-pjese-kembimi-per-smart-fortwo-ed","tag-pjese-kembimi-per-smart-fortwo-electric-convertible-2016","tag-pjese-kembimi-per-smart-fortwo-electric-drive","tag-pjese-kembimi-per-smart-fortwo-electric-drive-convertible-2013","tag-pjese-kembimi-per-smart-fortwo-greenflash-hatchback-2019-smart-fortwo-greenflash-hatchback-2019","tag-pjese-kembimi-per-smart-fortwo-hatchback-2008","tag-pjese-kembimi-per-smart-fortwo-passion-cabriolet-2013","tag-pjese-kembimi-per-smart-fortwo-passion-convertible-2017","tag-pjese-kembimi-per-smart-fortwo-prime-coupe-micro-car-2018","tag-pjese-kembimi-per-smart-fortwo-prime-hatchback-2015","tag-pjese-kembimi-per-smart-fortwo-prime-micro-car-2016","tag-pjese-kembimi-per-smart-fortwo-prime-micro-car-2017","tag-pjese-kembimi-per-smart-fortwo-special-models","tag-pjese-kembimi-per-smart-k","tag-pjese-kembimi-per-smart-marikaj","tag-pjese-kembimi-per-smart-minas","tag-pjese-kembimi-per-smart-ne-durres","tag-pjese-kembimi-per-smart-ne-vore","tag-pjese-kembimi-per-smart-roadster","tag-pjese-kembimi-per-smart-vore","tag-pjese-kembimi-permercedes-benz-370s","tag-pjese-kembimi-permercedes-benz-w18","tag-pjese-kembimi-pwr-smart-vore","tag-pjese-kembimi-smart","tag-pjese-kembimi-smartash","tag-pjese-kembimi-smartash-durres","tag-pjese-kembimi-smartash-maminas","tag-pjese-kembimi-smartash-marikaj","tag-pjese-kembimi-smartash-vore","tag-pjese-makinash-benz","tag-pjese-makinash-smart","tag-pjese-per-benz","tag-pjese-per-makina-smart","tag-pjese-per-smart"],"aioseo_notices":[],"_links":{"self":[{"href":"https:\/\/inalbania.al\/al\/wp-json\/wp\/v2\/pages\/98878","targetHints":{"allow":["GET"]}}],"collection":[{"href":"https:\/\/inalbania.al\/al\/wp-json\/wp\/v2\/pages"}],"about":[{"href":"https:\/\/inalbania.al\/al\/wp-json\/wp\/v2\/types\/page"}],"author":[{"embeddable":true,"href":"https:\/\/inalbania.al\/al\/wp-json\/wp\/v2\/users\/1"}],"replies":[{"embeddable":true,"href":"https:\/\/inalbania.al\/al\/wp-json\/wp\/v2\/comments?post=98878"}],"version-history":[{"count":0,"href":"https:\/\/inalbania.al\/al\/wp-json\/wp\/v2\/pages\/98878\/revisions"}],"wp:featuredmedia":[{"embeddable":true,"href":"https:\/\/inalbania.al\/al\/wp-json\/wp\/v2\/media\/98883"}],"wp:attachment":[{"href":"https:\/\/inalbania.al\/al\/wp-json\/wp\/v2\/media?parent=98878"}],"wp:term":[{"taxonomy":"category","embeddable":true,"href":"https:\/\/inalbania.al\/al\/wp-json\/wp\/v2\/categories?post=98878"},{"taxonomy":"post_tag","embeddable":true,"href":"https:\/\/inalbania.al\/al\/wp-json\/wp\/v2\/tags?post=98878"}],"curies":[{"name":"wp","href":"https:\/\/api.w.org\/{rel}","templated":true}]}}